{"id":6557,"date":"2023-09-06T15:17:05","date_gmt":"2023-09-06T22:17:05","guid":{"rendered":"https:\/\/sdcommunitypower.org\/?post_type=tribe_events&#038;p=6557"},"modified":"2023-09-12T14:46:23","modified_gmt":"2023-09-12T21:46:23","slug":"hoi-nghi-cause-tai-san-diego","status":"publish","type":"tribe_events","link":"https:\/\/sdcommunitypower.org\/vi\/event\/cause-conference-san-diego\/","title":{"rendered":"H\u1ed9i ngh\u1ecb Nguy\u00ean nh\u00e2n San Diego"},"content":{"rendered":"<p><span class=\"TextRun SCXW90878355 BCX8\" lang=\"EN-US\" xml:lang=\"EN-US\" data-contrast=\"auto\"><span class=\"NormalTextRun SCXW90878355 BCX8\">S\u1ed1 25<\/span><\/span><span class=\"TextRun SCXW90878355 BCX8\" lang=\"EN-US\" xml:lang=\"EN-US\" data-contrast=\"auto\"><span class=\"NormalTextRun Superscript SCXW90878355 BCX8\" data-fontsize=\"11\">th<\/span><\/span><span class=\"TextRun SCXW90878355 BCX8\" lang=\"EN-US\" xml:lang=\"EN-US\" data-contrast=\"auto\"><span class=\"NormalTextRun SCXW90878355 BCX8\"> H\u1ed9i ngh\u1ecb Th\u01b0\u1eddng ni\u00ean v\u1ec1 M\u1ee5c ti\u00eau l\u00e0 m\u1ed9t h\u1ed9i ngh\u1ecb kinh doanh d\u00e0nh cho c\u00e1c nh\u00e0 l\u00e3nh \u0111\u1ea1o trong l\u0129nh v\u1ef1c doanh nghi\u1ec7p c\u00f3 l\u1ee3i nhu\u1eadn v\u00e0 phi l\u1ee3i nhu\u1eadn.<\/span><span class=\"NormalTextRun SCXW90878355 BCX8\">\u2013<\/span><span class=\"NormalTextRun SCXW90878355 BCX8\">C\u00e1c ng\u00e0nh ngh\u1ec1 c\u00f3 l\u1ee3i nhu\u1eadn c\u00f9ng nhau h\u1ee3p t\u00e1c \u0111\u1ec3 bi\u1ebfn San Diego th\u00e0nh m\u1ed9t th\u00e0nh ph\u1ed1 t\u1ed1t h\u01a1n \u0111\u1ec3 s\u1ed1ng, l\u00e0m vi\u1ec7c v\u00e0 vui ch\u01a1i \u2014 m\u1ed9t ng\u00e0y khuy\u1ebfn kh\u00edch t\u1ed5 ch\u1ee9c c\u1ee7a b\u1ea1n t\u0103ng t\u1ed1c t\u00e1c \u0111\u1ed9ng x\u00e3 h\u1ed9i c\u1ee7a m\u00ecnh trong khu v\u1ef1c c\u1ee7a ch\u00fang ta. <\/span><\/span><span class=\"EOP SCXW90878355 BCX8\" data-ccp-props=\"{&quot;201341983&quot;:0,&quot;335559740&quot;:259}\">\u00a0<\/span><\/p>\n<p>Kh\u00ed h\u1eadu c\u1ee7a ch\u00fang ta, T\u01b0\u01a1ng lai c\u1ee7a ch\u00fang ta: X\u00e2y d\u1ef1ng m\u1ed9t San Diego c\u00f3 kh\u1ea3 n\u0103ng ch\u1ed1ng ch\u1ecbu v\u1edbi bi\u1ebfn \u0111\u1ed5i kh\u00ed h\u1eadu, 11 gi\u1edd s\u00e1ng - 12 gi\u1edd tr\u01b0a.<\/p>\n<p>Ng\u01b0\u1eddi \u0111i\u1ec1u ph\u1ed1i, Karin Burns, Gi\u00e1m \u0111\u1ed1c \u0111i\u1ec1u h\u00e0nh (CEO) c\u1ee7a San Diego Community Power<\/p>\n<p>Shelby Buso, Gi\u00e1m \u0111\u1ed1c Ph\u00e1t tri\u1ec3n B\u1ec1n v\u1eefng c\u1ee7a Th\u00e0nh ph\u1ed1 San Diego<\/p>\n<p>Darbi Berry, Gi\u00e1m \u0111\u1ed1c c\u1ee7a SD Regional Climate Collaborative<\/p>\n<p>Mikey Knab, Ch\u1ee7 t\u1ecbch\/Nh\u00e0 \u0111\u1ed3ng s\u00e1ng l\u1eadp c\u1ee7a Business for Good.<\/p>","protected":false},"excerpt":{"rendered":"<p>The 25th Annual Cause Conference is a business conference for leaders in the for-profit &amp; non&#8211;profit sectors to come together to make San Diego a better city to live, work [&hellip;]<\/p>\n","protected":false},"author":25,"featured_media":6609,"template":"","meta":{"_tribe_events_status":"","_tribe_events_status_reason":"","footnotes":""},"tags":[],"tribe_events_cat":[152],"class_list":["post-6557","tribe_events","type-tribe_events","status-publish","has-post-thumbnail","hentry","tribe_events_cat-external-events","cat_external-events"],"yoast_head":"<!-- This site is optimized with the Yoast SEO Premium plugin v27.4 (Yoast SEO v27.4) - https:\/\/yoast.com\/product\/yoast-seo-premium-wordpress\/ -->\n<title>Cause Conference San Diego - San Diego Community Power<\/title>\n<meta name=\"robots\" content=\"index, follow, max-snippet:-1, max-image-preview:large, max-video-preview:-1\" \/>\n<link rel=\"canonical\" href=\"https:\/\/sdcommunitypower.org\/vi\/su-kien-2\/hoi-nghi-cause-tai-san-diego\/\" \/>\n<meta property=\"og:locale\" content=\"vi_VN\" \/>\n<meta property=\"og:type\" content=\"article\" \/>\n<meta property=\"og:title\" content=\"Cause Conference San Diego\" \/>\n<meta property=\"og:description\" content=\"The 25th Annual Cause Conference is a business conference for leaders in the for-profit &amp; non&#8211;profit sectors to come together to make San Diego a better city to live, work [&hellip;]\" \/>\n<meta property=\"og:url\" content=\"https:\/\/sdcommunitypower.org\/vi\/su-kien-2\/hoi-nghi-cause-tai-san-diego\/\" \/>\n<meta property=\"og:site_name\" content=\"San Diego Community Power\" \/>\n<meta property=\"article:modified_time\" content=\"2023-09-12T21:46:23+00:00\" \/>\n<meta property=\"og:image\" content=\"https:\/\/sdcommunitypower.org\/wp-content\/uploads\/2023\/09\/MicrosoftTeams-image-7-1.png\" \/>\n\t<meta property=\"og:image:width\" content=\"960\" \/>\n\t<meta property=\"og:image:height\" content=\"960\" \/>\n\t<meta property=\"og:image:type\" content=\"image\/png\" \/>\n<meta name=\"twitter:card\" content=\"summary_large_image\" \/>\n<meta name=\"twitter:label1\" content=\"\u01af\u1edbc t\u00ednh th\u1eddi gian \u0111\u1ecdc\" \/>\n\t<meta name=\"twitter:data1\" content=\"1 ph\u00fat\" \/>\n<script type=\"application\/ld+json\" class=\"yoast-schema-graph\">{\"@context\":\"https:\\\/\\\/schema.org\",\"@graph\":[{\"@type\":\"WebPage\",\"@id\":\"https:\\\/\\\/sdcommunitypower.org\\\/event\\\/cause-conference-san-diego\\\/\",\"url\":\"https:\\\/\\\/sdcommunitypower.org\\\/event\\\/cause-conference-san-diego\\\/\",\"name\":\"Cause Conference San Diego - San Diego Community Power\",\"isPartOf\":{\"@id\":\"https:\\\/\\\/sdcommunitypower.org\\\/#website\"},\"primaryImageOfPage\":{\"@id\":\"https:\\\/\\\/sdcommunitypower.org\\\/event\\\/cause-conference-san-diego\\\/#primaryimage\"},\"image\":{\"@id\":\"https:\\\/\\\/sdcommunitypower.org\\\/event\\\/cause-conference-san-diego\\\/#primaryimage\"},\"thumbnailUrl\":\"https:\\\/\\\/sdcommunitypower.org\\\/wp-content\\\/uploads\\\/2023\\\/09\\\/MicrosoftTeams-image-7-1.png\",\"datePublished\":\"2023-09-06T22:17:05+00:00\",\"dateModified\":\"2023-09-12T21:46:23+00:00\",\"breadcrumb\":{\"@id\":\"https:\\\/\\\/sdcommunitypower.org\\\/event\\\/cause-conference-san-diego\\\/#breadcrumb\"},\"inLanguage\":\"vi\",\"potentialAction\":[{\"@type\":\"ReadAction\",\"target\":[\"https:\\\/\\\/sdcommunitypower.org\\\/event\\\/cause-conference-san-diego\\\/\"]}]},{\"@type\":\"ImageObject\",\"inLanguage\":\"vi\",\"@id\":\"https:\\\/\\\/sdcommunitypower.org\\\/event\\\/cause-conference-san-diego\\\/#primaryimage\",\"url\":\"https:\\\/\\\/sdcommunitypower.org\\\/wp-content\\\/uploads\\\/2023\\\/09\\\/MicrosoftTeams-image-7-1.png\",\"contentUrl\":\"https:\\\/\\\/sdcommunitypower.org\\\/wp-content\\\/uploads\\\/2023\\\/09\\\/MicrosoftTeams-image-7-1.png\",\"width\":960,\"height\":960},{\"@type\":\"BreadcrumbList\",\"@id\":\"https:\\\/\\\/sdcommunitypower.org\\\/event\\\/cause-conference-san-diego\\\/#breadcrumb\",\"itemListElement\":[{\"@type\":\"ListItem\",\"position\":1,\"name\":\"Home\",\"item\":\"https:\\\/\\\/sdcommunitypower.org\\\/\"},{\"@type\":\"ListItem\",\"position\":2,\"name\":\"Events\",\"item\":\"https:\\\/\\\/sdcommunitypower.org\\\/events\\\/\"},{\"@type\":\"ListItem\",\"position\":3,\"name\":\"Cause Conference San Diego\"}]},{\"@type\":\"WebSite\",\"@id\":\"https:\\\/\\\/sdcommunitypower.org\\\/#website\",\"url\":\"https:\\\/\\\/sdcommunitypower.org\\\/\",\"name\":\"San Diego Community Power\",\"description\":\"Powering a clean, affordable energy future\",\"publisher\":{\"@id\":\"https:\\\/\\\/sdcommunitypower.org\\\/#organization\"},\"potentialAction\":[{\"@type\":\"SearchAction\",\"target\":{\"@type\":\"EntryPoint\",\"urlTemplate\":\"https:\\\/\\\/sdcommunitypower.org\\\/?s={search_term_string}\"},\"query-input\":{\"@type\":\"PropertyValueSpecification\",\"valueRequired\":true,\"valueName\":\"search_term_string\"}}],\"inLanguage\":\"vi\"},{\"@type\":\"Organization\",\"@id\":\"https:\\\/\\\/sdcommunitypower.org\\\/#organization\",\"name\":\"San Diego Community Power\",\"url\":\"https:\\\/\\\/sdcommunitypower.org\\\/\",\"logo\":{\"@type\":\"ImageObject\",\"inLanguage\":\"vi\",\"@id\":\"https:\\\/\\\/sdcommunitypower.org\\\/#\\\/schema\\\/logo\\\/image\\\/\",\"url\":\"https:\\\/\\\/sdcommunitypower.org\\\/wp-content\\\/uploads\\\/2020\\\/12\\\/20-SDCP-0456_BrandSuite_SocialIcons_FNL-01.png\",\"contentUrl\":\"https:\\\/\\\/sdcommunitypower.org\\\/wp-content\\\/uploads\\\/2020\\\/12\\\/20-SDCP-0456_BrandSuite_SocialIcons_FNL-01.png\",\"width\":1000,\"height\":1001,\"caption\":\"San Diego Community Power\"},\"image\":{\"@id\":\"https:\\\/\\\/sdcommunitypower.org\\\/#\\\/schema\\\/logo\\\/image\\\/\"}}]}<\/script>\n<!-- \/ Yoast SEO Premium plugin. -->","yoast_head_json":{"title":"H\u1ed9i ngh\u1ecb Cause San Diego - San Diego Community Power","robots":{"index":"index","follow":"follow","max-snippet":"max-snippet:-1","max-image-preview":"max-image-preview:large","max-video-preview":"max-video-preview:-1"},"canonical":"https:\/\/sdcommunitypower.org\/vi\/su-kien-2\/hoi-nghi-cause-tai-san-diego\/","og_locale":"vi_VN","og_type":"article","og_title":"Cause Conference San Diego","og_description":"The 25th Annual Cause Conference is a business conference for leaders in the for-profit &amp; non&#8211;profit sectors to come together to make San Diego a better city to live, work [&hellip;]","og_url":"https:\/\/sdcommunitypower.org\/vi\/su-kien-2\/hoi-nghi-cause-tai-san-diego\/","og_site_name":"San Diego Community Power","article_modified_time":"2023-09-12T21:46:23+00:00","og_image":[{"width":960,"height":960,"url":"https:\/\/sdcommunitypower.org\/wp-content\/uploads\/2023\/09\/MicrosoftTeams-image-7-1.png","type":"image\/png"}],"twitter_card":"summary_large_image","twitter_misc":{"\u01af\u1edbc t\u00ednh th\u1eddi gian \u0111\u1ecdc":"1 ph\u00fat"},"schema":{"@context":"https:\/\/schema.org","@graph":[{"@type":"WebPage","@id":"https:\/\/sdcommunitypower.org\/event\/cause-conference-san-diego\/","url":"https:\/\/sdcommunitypower.org\/event\/cause-conference-san-diego\/","name":"H\u1ed9i ngh\u1ecb Cause San Diego - San Diego Community Power","isPartOf":{"@id":"https:\/\/sdcommunitypower.org\/#website"},"primaryImageOfPage":{"@id":"https:\/\/sdcommunitypower.org\/event\/cause-conference-san-diego\/#primaryimage"},"image":{"@id":"https:\/\/sdcommunitypower.org\/event\/cause-conference-san-diego\/#primaryimage"},"thumbnailUrl":"https:\/\/sdcommunitypower.org\/wp-content\/uploads\/2023\/09\/MicrosoftTeams-image-7-1.png","datePublished":"2023-09-06T22:17:05+00:00","dateModified":"2023-09-12T21:46:23+00:00","breadcrumb":{"@id":"https:\/\/sdcommunitypower.org\/event\/cause-conference-san-diego\/#breadcrumb"},"inLanguage":"vi","potentialAction":[{"@type":"ReadAction","target":["https:\/\/sdcommunitypower.org\/event\/cause-conference-san-diego\/"]}]},{"@type":"ImageObject","inLanguage":"vi","@id":"https:\/\/sdcommunitypower.org\/event\/cause-conference-san-diego\/#primaryimage","url":"https:\/\/sdcommunitypower.org\/wp-content\/uploads\/2023\/09\/MicrosoftTeams-image-7-1.png","contentUrl":"https:\/\/sdcommunitypower.org\/wp-content\/uploads\/2023\/09\/MicrosoftTeams-image-7-1.png","width":960,"height":960},{"@type":"BreadcrumbList","@id":"https:\/\/sdcommunitypower.org\/event\/cause-conference-san-diego\/#breadcrumb","itemListElement":[{"@type":"ListItem","position":1,"name":"Home","item":"https:\/\/sdcommunitypower.org\/"},{"@type":"ListItem","position":2,"name":"Events","item":"https:\/\/sdcommunitypower.org\/events\/"},{"@type":"ListItem","position":3,"name":"Cause Conference San Diego"}]},{"@type":"WebSite","@id":"https:\/\/sdcommunitypower.org\/#website","url":"https:\/\/sdcommunitypower.org\/","name":"San Diego Community Power","description":"Cung c\u1ea5p n\u0103ng l\u01b0\u1ee3ng s\u1ea1ch v\u00e0 gi\u00e1 c\u1ea3 ph\u1ea3i ch\u0103ng cho t\u01b0\u01a1ng lai","publisher":{"@id":"https:\/\/sdcommunitypower.org\/#organization"},"potentialAction":[{"@type":"SearchAction","target":{"@type":"EntryPoint","urlTemplate":"https:\/\/sdcommunitypower.org\/?s={search_term_string}"},"query-input":{"@type":"PropertyValueSpecification","valueRequired":true,"valueName":"search_term_string"}}],"inLanguage":"vi"},{"@type":"Organization","@id":"https:\/\/sdcommunitypower.org\/#organization","name":"San Diego Community Power","url":"https:\/\/sdcommunitypower.org\/","logo":{"@type":"ImageObject","inLanguage":"vi","@id":"https:\/\/sdcommunitypower.org\/#\/schema\/logo\/image\/","url":"https:\/\/sdcommunitypower.org\/wp-content\/uploads\/2020\/12\/20-SDCP-0456_BrandSuite_SocialIcons_FNL-01.png","contentUrl":"https:\/\/sdcommunitypower.org\/wp-content\/uploads\/2020\/12\/20-SDCP-0456_BrandSuite_SocialIcons_FNL-01.png","width":1000,"height":1001,"caption":"San Diego Community Power"},"image":{"@id":"https:\/\/sdcommunitypower.org\/#\/schema\/logo\/image\/"}}]}},"_links":{"self":[{"href":"https:\/\/sdcommunitypower.org\/vi\/wp-json\/wp\/v2\/tribe_events\/6557","targetHints":{"allow":["GET"]}}],"collection":[{"href":"https:\/\/sdcommunitypower.org\/vi\/wp-json\/wp\/v2\/tribe_events"}],"about":[{"href":"https:\/\/sdcommunitypower.org\/vi\/wp-json\/wp\/v2\/types\/tribe_events"}],"author":[{"embeddable":true,"href":"https:\/\/sdcommunitypower.org\/vi\/wp-json\/wp\/v2\/users\/25"}],"version-history":[{"count":0,"href":"https:\/\/sdcommunitypower.org\/vi\/wp-json\/wp\/v2\/tribe_events\/6557\/revisions"}],"wp:featuredmedia":[{"embeddable":true,"href":"https:\/\/sdcommunitypower.org\/vi\/wp-json\/wp\/v2\/media\/6609"}],"wp:attachment":[{"href":"https:\/\/sdcommunitypower.org\/vi\/wp-json\/wp\/v2\/media?parent=6557"}],"wp:term":[{"taxonomy":"post_tag","embeddable":true,"href":"https:\/\/sdcommunitypower.org\/vi\/wp-json\/wp\/v2\/tags?post=6557"},{"taxonomy":"tribe_events_cat","embeddable":true,"href":"https:\/\/sdcommunitypower.org\/vi\/wp-json\/wp\/v2\/tribe_events_cat?post=6557"}],"curies":[{"name":"wp","href":"https:\/\/api.w.org\/{rel}","templated":true}]}}